{"version":"1.0","provider_name":"Lona blogja","provider_url":"https:\/\/christals.cafeblog.hu","author_name":"Lona","author_url":"https:\/\/christals.cafeblog.hu\/author\/lona\/","title":"2016.IX.30.","html":"<p style=\"text-align: justify\">2016.szeptember 30.<br \/>7\u00f3ra 00.<br \/>Ezt a bejegyz\u00e9st ism\u00e9t a l\u00e9pcs\u0151h\u00e1z ajt\u00f3ban \u00e1csorogva \u00edrom. Azt hittem na\u00edvan, ma kicsit nyugisabban indul a nap, hiszen szombat van, ma nem indul kor\u00e1n reggel senki dolgozni. F\u00e9l hatkor az\u00e9rt lej\u00f6ttem, sz\u00e1m\u00edtva a k\u0151olajos k\u00e1v\u00e9 szag\u00e1ra. H\u00e1tra vittem a szemetet, \u00e9s l\u00e0ttam, val\u00f3ban csak egyetlen egy ablakban \u00e9g l\u00e1mpa, a f\u00f6ldszinten N\u00e9meth\u00e9kn\u00e9l. L\u00e9pcs\u0151h\u00e1z ablakok, ajt\u00f3 nyitva, kicsit v\u00e1rtam, szinte nem is lehetett \u00e9rezni semmit, \u00edgy bementem. Alszik a h\u00e1z, teljes nyugalom. Gondoltam, picit netezek, azt\u00e1n m\u00e9g pihenek kicsit.<br \/>\u00c9ppen \u00e1t\u00f6lt\u00f6ztem, bevackoltam magam, mikor s\u00edrva h\u00edvott a kisl\u00e1nyom. Szeg\u00e9ny fulladt, m\u00e9gis, mint mindig bocs\u00e1natot k\u00e9r, ami\u00e9rt zavar. H\u00e1t van egy p\u00e1r ember, akire haragudhatok, de \u0151r\u00e1 \u00e9ppen nem!<br \/>Gyorsan vissza\u00f6lt\u00f6z\u00f6m, k\u00f6zben azon t\u0171n\u0151d\u00f6m, vajon mi\u00e9rt nem tal\u00e1lnak meghallgat\u00e1sra im\u00e1im. Nem vagyok igaz\u00e1n h\u00edv\u0151, nem vagyok el\u00e9gg\u00e9 \u00e1jtatos? Val\u00f3ban nem rendszeresen ugyanabban az id\u0151ben im\u00e1dkozom, nem is \"miaty\u00e1nkot\" mondok, hanem ahogy Erzsi n\u00e9ni, a r\u00e9gi rajztan\u00e1runk aj\u00e1nlotta, mint a bar\u00e1tomnak, olyan valakinek k\u00e9rem a seg\u00edts\u00e9g\u00e9t, akit nagyon szeretek, \u00e9s akiben nagyon b\u00edzom. Azt is mondta, nem kell agyonfogalmazni, stiliz\u00e1lni a mondand\u00f3mat, \u00e9s s\u00fcrgetni sem szabad, \u0150 tudja, mikor kell k\u00f6zbel\u00e9pnie. H\u00e1t nem tudom, nek\u00fcnk m\u00e1r nagyon kellett volna, hogy seg\u00edtsen legal\u00e1bb abban, hogy megtal\u00e1ljuk \u00faj otthonunkat. Ezzel nemcsak Juditot menten\u00e9 ki az \u00e9letvesz\u00e9lyes k\u00f6r\u00fclm\u00e9nyek k\u00f6z\u00fcl, hanem a csal\u00e1di b\u00e9k\u00e9nek is j\u00f3t tenne. Mama, any\u00f3som visszaj\u00f6hetne saj\u00e1t otthon\u00e1ba, amire annyira v\u00e1gyik. Most pedig j\u00f3 sora van, ott lakik n\u00e1lunk a fi\u00e1val. A csal\u00e1di h\u00e1z csendes helyen van, \u00e9s napk\u00f6zben ugyan egyed\u00fcl van, de kis\u00e9t\u00e1lhat az udvarra, kertbe. Kicsit el\u00fccs\u00f6r\u00f6g a szabad leveg\u0151n, s\u00e9t\u00e1lgat. Persze meg\u00e9rtem, hogy hazav\u00e1gyik, 1968 \u00f3ta ez volt az otthona.<br \/>T\u00e9likab\u00e1tot veszek, sz\u00e1m\u00edtva r\u00e1, hogy kint kell maradnom. Ez\u00e9rt hozom magammal az Ipadot is. Legal\u00e1bb nem tombolok m\u00e9rg\u00e9ben \u00e9s elkesered\u00e8semben, hanem le jegyzem a dolgokat. Ha m\u00e1sra nem, legal\u00e1bb erre j\u00f3 ez a tev\u00e8kenys\u00e9g, de lehet hasznunkra lesz m\u00e9g k\u00e9s\u0151bb.<br \/>\u00c9ppen le\u00e9rtem, \u00e9s kinyitottam az ajt\u00f3t, mert persze k\u00f6zben becsukt\u00e1k, mikor j\u00f6tt az \u00f6reg Erzsi. Egy cs\u00e9sze habos k\u00e1v\u00e9val indul kifel\u00e9 a t\u00e9rre. A piacon \u00e1rul valaki, tneki vitte. J\u00f3l n\u00e9z ki, csak \u00e9ppen k\u00e1v\u00e9 illata nincs. Ink\u00e1bb \u00e9rzem a k\u00e1v\u00e9f\u0151z\u0151 \u00e9gett gumij\u00e1nak szag\u00e1t, mint az ital\u00e9t, amit \u00e9n is sok \u00e9ven kereszt\u00fcl kedveltem, \u00e9s fogyasztottam. <br \/>Ebb\u0151l gondolom, hogy t\u00e9nyleg igaz, amit Judit egy cikkben olvasott, hogy k\u0151olajat haszn\u00e1lnak fel a gy\u00e1rt\u00e1s sor\u00e1n. Meg abb\u00f3l, hogy k\u00e9t l\u00e9gtiszt\u00edt\u00f3 g\u00e9p \u00fczemel a lak\u00e1sban, egy az el\u0151szob\u00e1ban, k\u00f6zvetlen\u00fcl a bej\u00e1rati ajt\u00f3 m\u00f6g\u00f6tt, egy pedig Judit szob\u00e1j\u00e1ban, szint\u00e9n k\u00f6zel az ajt\u00f3hoz, \u00e9s 2 emelettel feljebb lakunk. H\u00e1t ez mutatja, hogy a kialakult \u00e9rz\u00e9kenys\u00e9g m\u00e9rt\u00e9ke t\u00e9nyleg \"parts per billions\". :-(<\/p>\r\n<p style=\"text-align: justify\">Strigul\u00e1kat kellett volna h\u00faznom, h\u00e1nyszor ny\u00edlik a \"h\u00e1zmesterlak\u00e1s\" ajtaja, k\u00f6zben \u00fajabb \u00e9s \u00fajabb k\u00e1v\u00e9szagot hozva. Legel\u0151sz\u00f6r kisErzsi a \"l\u00e9pcs\u0151h\u00e1zat elad\u00f3\", er\u0151sen \u00e9s t\u00fcrelmetlen\u00fcl ugat\u00f3 kuty\u00e1val bicegett ki. Term\u00e9szetesen, b\u00e1r majd fell\u00f6k, nem k\u00f6sz\u00f6n. L\u00e1tszik az arckifejez\u00e9s\u00e9n, hogy mennyire bosszantja, hogy nyitva az ajt\u00f3, r\u00e1ad\u00e1sul itt \u00e1llok mellette. Ilyenkor nem csukja be, csak, ha nem l\u00e1tom. Mikor \u00e1tk\u00f6lt\u00f6zt\u00fcnk ide, \u00e9s m\u00e9g j\u00f3ban voltunk, m\u00e9g eln\u00e9z\u00e9st k\u00e9rt, hogy a kutyusuk reggelente felveri a h\u00e1zat. Engem ez akkor sem, most sem zavart. N\u00e9h\u00e1ny perc alatt a kutya elv\u00e9gzi a dolg\u00e1t, lehet visszaj\u00f6nni. Ahhoz k\u00e9pest, hogy a v\u00e1rosk\u00f6zpontban vagyunk, m\u00e9g soha nem vitt mag\u00e1val zacsk\u00f3t. A kutyakakizacsk\u00f3r\u00f3l mondjuk \u00e9ppen tegnap olvastuk, az egyik legtoxikusabb term\u00e9k. Biztos illatos\u00edtj\u00e1k, hogy a szagos tartalmat pr\u00f3b\u00e1lja elfedni. Mondjuk, megfelelne egy t\u00edz\u00f3rais tasak is a c\u00e9lnak.<br \/>Az elm\u00falt b\u0151 f\u00e9l\u00f3r\u00e1ban az \u00f6reg Erzsi legal\u00e1bb \u00f6tsz\u00f6r, a fiatal hatszor j\u00f6tt ki. Legels\u0151 visszat\u00e9r\u00e9sekor hangosan annyit mondott: Isten b... meg az eget! \u00c9ppen most j\u00f6tt vissza megint, \u00e9s hangosan mondta a mag\u00e1\u00e9t k\u00e1romkodva. Biztosan nekem sz\u00f3lt, szerencs\u00e9re nem is \u00e9rtem, mit mond. K\u00f6zben k\u00e9tszer volt n\u00e1luk a piacos n\u00e9ni, aki a k\u00e1v\u00e9t kapta, \u00e9s j\u00f6tt egy p\u00e1r perces vend\u00e9gs\u00e9gbe egy m\u00e1sik id\u0151s n\u0151 is. <br \/>M\u00e1r megfejtett\u00fck a titkot, az\u00e9rt nem volt eg\u00e9sz szeptemberig a k\u00e1v\u00e9f\u0151z\u00e9s, mert m\u00e9g j\u00f3id\u0151 volt, \u00e9s nyitva voltak a lak\u00e1s ablakai. Most, hogy m\u00e1r h\u0171v\u00f6sek az \u00e9jszak\u00e1k, m\u00e9g h\u0171v\u00f6sebbek a hajnalok, bent m\u00e1r ritk\u00e1n nyitnak ablakot. T\u00e9nyleg h\u00fcss van, m\u00e9g most, 7 \u00e9s 8 k\u00f6z\u00f3tt is, meg is \u00e9rten\u00e9m, ha az\u00e9rt panaszkodn\u00e1nak, mert f\u00e1znak. De f\u00e1zni biztos nem f\u00e1znak, hiszen r\u00f6vid\u00fajj\u00faban, zokni n\u00e9lk\u00fcl papucsban, kisErzsi id\u0151nk\u00e9nt m\u00e9g most is hal\u00e1sznadr\u00e1gban kever kint.<br \/>Az illat m\u00e9g mindig nem m\u00falt el, de musz\u00e1j WC-re mennem. Nem akarom a lak\u00e1sajt\u00f3t kinyitni, egy\u00e9bk\u00e9nt is csak nagyon s\u00fcrg\u0151s \u00e9s fontos esetben haszn\u00e1ljuk a f\u00fcrd\u0151szob\u00e1t. <br \/>Judit csapv\u00edzzel mosakodni sem tud. Persze ne is csod\u00e1lkozzak rajta, hiszen ha szell\u0151ztet\u00e9sre kinyitjuk a lak\u00e1s ablak\u00e1t, a leveg\u0151b\u0151l ki\u00e9rzi a t\u00e9ri sz\u00f6k\u0151k\u00fat v\u00edz\u00e9nek kl\u00f3r szag\u00e1t is. Zuhanyz\u00e1s ut\u00e1n rendszeresen rosszul lett, pedig a f\u00fcrd\u0151szob\u00e1ban m\u00e9g egy szappan sincs, nemhogy illatszer vagy tiszt\u00edt\u00f3szer. Mindent bedobozoltam, \u00e9s levittem a pinc\u00e9be. T\u00f6bb doboznyi lett, ebb\u0151l l\u00e1tszik, mi mindent felhalmoznak az emberek, mennyi p\u00e9nzt k\u00f6ltenek teljesen feleslegesen ezekre a m\u00e9rgez\u0151, s\u00falyos betegs\u00e9geket, r\u00e1kot okoz\u00f3 dolgokra. A napokban jelent meg a cikk az \"Autizmus illata\" besz\u00e9des c\u00edmmel. Ide teszem a linket, b\u00e1r angolul van, a ford\u00edt\u00e1s m\u00e9g nem k\u00e9sz\u00fclt el. Egyre t\u00f6bb a bizony\u00edt\u00e9k, hogy az autizmus, Alzheimer k\u00f3r, Skler\u00f3zis multiplex kialakul\u00e1s\u00e1ban is jelent\u0151s szerepe van a t\u00e1pl\u00e1lkoz\u00e1s mellett a sok m\u00e9rgez\u0151 anyag, vegyszer.<br \/>http:\/\/www.oapublishinglondon.com\/article\/611<br \/>Hogy feleslegesek, az biztos, hiszen n\u00e1lunk is rend \u00e9s tisztas\u00e1g van, pedig kiz\u00e1r\u00f3lag sz\u00f3dabikarb\u00f3n\u00e1t, citromsavat, mos\u00f3di\u00f3t, ecetet, teafaolajat (igazit, term\u00e9szeteset, nem szintetikusat, \u00e9s nem hozz\u00e1adott anagokat tartalmaz\u00f3t!) haszn\u00e1lunk. \"A tisztas\u00e1g \u00e1ra\" egy nagyon j\u00f3 \u00f6ssze\u00e1ll\u00edt\u00e1s, mindenkinek el kellene olvasnia, \u00e9s komolyan is kellene venni.<br \/>A tisztas\u00e1g \u00e1ra - Tudtad, hogy a bakt\u00e9riummentes otthon eg\u00e9szs\u00e9gtelen? - AntalVali.com<br \/>antalvali.com<\/p>\r\n<p style=\"text-align: justify\">A WC pap\u00edr sem illatos n\u00e1lunk. Ha siker\u00fcl elk\u00f6lt\u00f6zn\u00fcnk, az els\u0151 dolgok egyike, hogy v\u00edzsz\u0171r\u0151t szereltet\u00fcnk nem csak inni, de a f\u00fcrd\u0151szob\u00e1ba is. <br \/>H\u00e1ny \u00f3ra van? F\u00e9l nyolc. J\u00f3 lenne m\u00e9g kitartani kicsit, mert nem tudom, a \"V\u00f6r\u00f6ske\" \u00e9s Zsuzsi dolgozott-e \u00e9jjel. Mert ha igen, akkor mostan\u00e1ban \u00e9rnek haza. \u0150k vesz\u00e9lyt jelentenek, mert er\u0151s parf\u00fcm \u00e9s \u00f6bl\u00edt\u0151 illat v\u00e1rhat\u00f3. Odal\u00e1togat\u00f3 a buszmeg\u00e1ll\u00f3ba, \u00e1llnak ott sokan, hamarosan \u00e9rkezhet. Akkor nincs m\u00e1s h\u00e1tra, mint a t\u00e9ren le szaladok a nyilv\u00e1nos WC-be. Id\u0151nk\u00e9nt t\u00e9nyleg hajl\u00e9ktalannak \u00e9rzem magam. A ny\u00e1r folyam\u00e1n, \u00e9s most is gyakran a t\u00e9ren eszek. Judit sajnos mindent kiszagol, a g\u00e1zt\u0171zhely az alap, hogy nem haszn\u00e1lhatom, \u00edgy f\u0151z\u00e9s nincs. \u00c9s a mikr\u00f3t sem, \u00edgy meleg\u00edt\u00e9s sincs! A mikr\u00f3val m\u00e1r nagyon r\u00e9gen haragban van. Pedig annak idej\u00e9n sz\u00e9p szak\u00e1csk\u00f6nyveket vettem, nemcsak magamnak, aj\u00e1nd\u00e9kba is, hiszen az el\u0151sz\u00f3ban hosszan ecsetelik, milyen eg\u00e9szs\u00e9ges a mikr\u00f3ban val\u00f3 f\u0151z\u00e9s.<br \/>S\u00edr a baba!<br \/>Zsuzsi bar\u00e1tja el, k\u00e1romkodva becsukja az ajt\u00f3t. <br \/>Zsuzsi el, el\u0151tte p\u00e1rbesz\u00e9d. Megeml\u00edtem neki, hogy p\u00e1rja k\u00e1romkodva csukta be az ajt\u00f3t, nekem pedig musz\u00e1j pontosan miattuk is szell\u0151ztetnem. K\u00f6zli, hogy \u0151t m\u00e1r nem \u00e9rdekli az eg\u00e9sz, ink\u00e1bb csak mag\u00e1val foglalkozik, k\u00fcl\u00f6nben ma nem is mosott. Ahhoz k\u00e9pest \u00f3bl\u00edt\u0151illatban \u00faszik a l\u00e9pcs\u0151h\u00e1z. <br \/>Baba s\u00edr!<br \/>Kuty\u00e1s pasi kuty\u00e1val ki.<br \/>Vincze negyedszer el<br \/>Julika megnyitja az ajt\u00f3t, l\u00e1tja, hogy itt \u00fcl\u00f6k a l\u00e9pcs\u0151n, visszah\u00faz\u00f3dik.<br \/>Ilike bar\u00e1tja el- Na mi van, m\u00e1r \u0151 sem k\u00f6sz\u00f6n? <br \/>Zsuzsi \u00e9s kisl\u00e1ny haza<br \/>Cigis pasi+ kutya vissza<br \/>Zsuzsi el<br \/>Baba s\u00edr! Mozgalmass\u00e1 v\u00e1lt a reggel, m\u00e1r nemcsak a k\u00e9t Erzsi futkos ki-be.<\/p>\r\n<p style=\"text-align: justify\">Ilike el, t\u00f6m\u00e9ny parf\u00fcmszag. Ennyit r\u00f3la, azt gondoltam, \u0151 egy \u00e9rtelmes n\u0151. K\u00e9t alkalommal komolyan, t\u00f6bbsz\u00f6r fut\u00f3lag besz\u00e9lgett\u00fcnk. \u0150 ebb\u0151l semmit nem hasznos\u00edtott, \u00e9s a tapintat, az egy\u00fctt\u00e9rz\u00e9s, a seg\u00edt\u0151k\u00e9szs\u00e9g, a figyelmess\u00e9g szikr\u00e1ja sincs benne. <br \/>Te j\u00f3 \u00e9g! M\u00e1r negyed t\u00edz! F\u00e1zom, ink\u00e1bb a l\u00e9pcs\u0151 helyett ki\u00fcl\u00f6k a t\u00e9rre. H\u00fcly\u00e9nek fognak n\u00e9zni. M\u00e1r kis\u00fct\u00f6tt a nap, t\u00f6bben r\u00f6vid\u00fajj\u00faban, m\u00e9g olyan is akad, aki r\u00f6vidnadr\u00e1gban van. \u00c9n meg t\u00e9likab\u00e1tban. \u00c9s nincs is melegem. A nap j\u00f3t\u00e9kony sugarai hozz\u00e1m is eljutnak, de a sz\u00e9l m\u00e9g h\u0171v\u00f6s, meg azt\u00e1n j\u00f3l \u00e1tf\u00e1ztam reggel \u00f3ta. <br \/>Zsuzsi haza, Julika ki. Na n\u00e9zz\u00fck, milyen j\u00f3ban lett az \u00f6reg Erzsivel. Be csengetett hozz\u00e1, azt\u00e1n a kapuban besz\u00e9lgetnek. Kor\u00e1bban arra panaszkodott, hogy \u00e1lland\u00f3an csupa kutyasz\u0151r minden. Ez mondjuk igaz, el\u00e9g sok kutyasz\u0151rt takar\u00edtottak m\u00e1r helyett\u00fck, ut\u00e1nuk. A harag az\u00e9r \u00f6sszekov\u00e1csolja a hasonsz\u0151r\u0171eket. Most kollekt\u00edvan engem kell sz\u00eddni, ut\u00e1lni. Nem sajn\u00e1lni, nem egy\u00fctt\u00e9rezni, ink\u00e1bb bunk\u00f3zni, csak az\u00e9rt, mert beteg a kisl\u00e1nyom, \u00e9s miattuk, az \u0151 m\u00e9rt\u00e9ktelens\u00e9g\u00fck \u00e9s nemt\u00f6r\u0151d\u00f6ms\u00e9g\u00fck miatt van nagyon sokszor, nagyon rosszul. Nevets\u00e9ges, vagyis ink\u00e1bb k\u00e9ts\u00e9gbeejt\u0151. \u0150k okoznak nek\u00fcnk nem egyszer\u0171en kellemetlens\u00e9get, hanem miattuk nincs \u00e9let\u00fcnk, \u00e9s m\u00e9g nekik \u00e1ll feljebb. Bemegyek, megn\u00e9zem a l\u00e9pcs\u0151h\u00e1zat. K\u00f6zben izgulok, ennyi allerg\u00e9n az elm\u00falt k\u00e9t \u00f3ra alatt. R\u00e1ad\u00e1sul Judit lefek\u00fcdt, megpr\u00f3b\u00e1l pihenni, aludni. Biztos levette a maszkot, ez\u00e9rt nem hagyhatom \u0151rizetlen\u00fcl az ajt\u00f3t. Ha m\u00e1s nem is, kisErzsi gondoskodna r\u00f3la, hogy csukva legyen. Mind\u00edg eszembe jut, a hogy Juliska n\u00e9ni a piacr\u00f3l mondta: \"nemcsak buta, gonosz is.\" H\u00e1t t\u00e9nyleg az.<br \/>Sajnos nagyon vegyes szagok vannak a l\u00e9pcs\u0151h\u00e1zban. Nem csoda, hogy a baba annyiszor s\u00edrt. A \"minta csal\u00e1danya\" anyja megint mosott, szeg\u00e9ny korasz\u00fcl\u00f6tt t\u00fcdeje csoda, hogy b\u00edrja. Ilike is t\u00e1rva hagyta az erk\u00e9lyajt\u00f3t, ilyenkor, hogy a sz\u00e9l is f\u00faj, j\u00f3l \u00e1tj\u00e1rja a leveg\u0151 a lak\u00e1sokat, mindenf\u00e9l\u00e9t hoz a l\u00e9pcs\u0151h\u00e1zba, hogy onnan azt\u00e1n elterjedjen a t\u00f6bbi lak\u00e1sba is. Zsuzsin\u00e1l \u00e9s Ren\u00e1t\u00e1n\u00e1l is nyitva az erk\u00e9lyajt\u00f3. M\u00e9g j\u00f3, hogy a cigisekn\u00e9l nem. Pedig be k\u00e9ne mennem, azt\u00e1n \u00e1t k\u00e9ne sz\u00e1l adnom Szlov\u00e1ki\u00e1ba. Szeretn\u00e9m a piacot is megn\u00e9zni ott, \u00e1ll\u00edt\u00f3lag van bio \u00e1ru is, \u00e9s szeretn\u00e9k glut\u00e9nmentes kenyeret is venni, holnap nem lesz nyitva a bolt. M\u00e1ra nem k\u00e9rt\u00fck a kalm\u00e1rt sem, az \u0151szibarack nem volt finom, pedig hib\u00e1tlannak l\u00e1tszott, de \u00e9retlen volt, n\u00e9h\u00e1ny nap m\u00falva pedig ronda barna a k\u00f6zepe, \u00e9s semmi leve, \u00edze. <br \/>A fen\u00e9be, visszaj\u00f6tt Ilike is a pasij\u00e1val. A parf\u00fcm nem olyan gyorsan szell\u0151zik ki. M\u00e1r t\u00fcrelmetlen vagyok. A piacon sincsenek t\u00fal sok\u00e1ig, a patika is csak d\u00e9lig van.<br \/>K\u00f6zben egy n\u00e9ni odat\u00e1masztan\u00e1 a ker\u00e9kp\u00e1rj\u00e1t az eny\u00e9mek mell\u00e9. Felborul az \u00f6sszes. Megyek, seg\u00edtek, \u00e9s j\u00f6tt egy m\u00e1sik n\u0151 is. Az\u00e9rt vannak m\u00e9g rendes emberek! Apr\u00f3s\u00e1g, de j\u00f3les\u0151 apr\u00f3s\u00e1g. Mik\u00f6zben emelem fel az egyik ker\u00e9kp\u00e1rom, megl\u00e1tom az ez\u00fcst gy\u0171r\u0171m a f\u00f6ld\u00f6n. \u00c9jjel n\u00e9ztem a kezemre, \u00e9s mondtam Juditnak, nem is eml\u00e9kszem, hogy levettem volna. Azzal nyugtatott, biztosan a hajmos\u00e1skor tettem le, \u00f6szt\u00f6n\u00f6s, rutin cselekedet, nem eml\u00e9kszem r\u00e1, olyan mint pl. \"ugye, r\u00e1z\u00e1rtam az ajt\u00f3t?\", k\u00f6zben most kider\u00fclt, este esett le, mikor z\u00e1rtam le a bic\u00f3kat.<br \/>K\u00e9p<\/p>\r\n<p style=\"text-align: justify\">K\u00f6zben 10- et \u00fct\u00f6tt a torony\u00f3ra. Ilyenkor az\u00e9rt van a t\u00e9ren, a piacon is \u00e9let. \u00c9lvezn\u00e9m a hangulat\u00e1t, ha nem lenne ennyi gondunk. Az\u00e9rt csin\u00e1lok egy k\u00e9pet.<\/p>\r\n<p style=\"text-align: justify\"><a href=\"https:\/\/christals.cafeblog.hu\/files\/2016\/10\/image-2.jpeg\"><img class=\"alignleft size-medium wp-image-239\" src=\"https:\/\/christals.cafeblog.hu\/files\/2016\/10\/image-2-300x225.jpeg\" alt=\"image\" width=\"300\" height=\"225\" \/><\/a><br \/>Hogy a Zsuzsi pasija mikor ment vissza, fogalmam sincs. Most kifel\u00e9 j\u00f6tt, \u00e9s bev\u00e1gta maga m\u00f6g\u00f6tt az ajt\u00f3t, fogs\u00e1gba ejtve a t\u00f6m\u00e9ny \u00f6bl\u00edt\u0151illatt\u00f3l, amit \u0151 \u00e1rasztott. Nem tudok m\u00e1s jelz\u0151t tal\u00e1lni, mint: BUNK\u00d3, \u00e9s t\u00e9nyleg teszek m\u00e9g egy k\u00eds\u00e9rletet, \u00edr\u00e1sban k\u00e9rem a jegyz\u0151t, tegyen eleget t\u00f6rv\u00e9nyi k\u00f6telezetts\u00e9g\u00e9nek. Ha nem lesz v\u00e1ltoz\u00e1s, feljelent\u00e9st teszek. EL\u00c9G VOLT, ELEGEM VAN!<\/p>","type":"rich"}