{"version":"1.0","provider_name":"Lona blogja","provider_url":"https:\/\/christals.cafeblog.hu","author_name":"Lona","author_url":"https:\/\/christals.cafeblog.hu\/author\/lona\/","title":"\u00c9letem reg\u00e9nye","html":"<p style=\"text-align: justify\">Sok-sok-sok \u00e9vvel ezel\u0151tt (nem v\u00e9letlen a h\u00e1romszoros ism\u00e9tl\u00e9s, olyan r\u00e9gnek t\u0171nik), m\u00e9g fiatal asszony koromban tal\u00e1ltam r\u00e1 egy \u00e9rdekes, igaz\u00e1b\u00f3l tal\u00e1n tiniknek aj\u00e1nlott k\u00f6nyvre. Mindig nagyon szerettem olvasni, k\u00f6z\u00e9piskol\u00e1s koromt\u00f3l faltam a k\u00f6nyveket. Egyike voltam azoknak a csodabogaraknak, akik m\u00e9g a k\u00f6telez\u0151 olvasm\u00e1nyokat is lelkiismeretesen, r\u00e1ad\u00e1sul \u00e9rdekl\u0151d\u00e9ssel v\u00e9gig olvast\u00e1k. Hogy honnan j\u00f6tt a k\u00f6nyvek szeretete, nem tudom. Kev\u00e9ske gyermekkori eml\u00e9kem k\u00f6z\u00f6tt kutatva nem ugrik be egyetlen olyan k\u00e9p sem, amikor valaki mosollyal az arc\u00e1n, mesek\u00f6nyvvel a kez\u00e9ben mellettem \u00fcl \u00e9s hangosan olvas. Arra sem eml\u00e9kszem, hogy aj\u00e1nd\u00e9kba kaptam volna valamilyen k\u00f6nyvet. Az\u00e9rt rem\u00e9lem, valamikor ez megt\u00f6rt\u00e9nt, csak valami\u00e9rt nem eml\u00e9kszem. Azt biztosan tudom, k\u00f6nyvt\u00e1runk nem volt otthon, tal\u00e1n k\u00f6nyveink sem. \u00c9n egyszercsak beiratkoztam a v\u00e1rosi k\u00f6nyvt\u00e1rba,\u00e9s nemcsak rendszeres l\u00e1togat\u00f3, de rendszeres olvas\u00f3 is lettem. Arra viszont eml\u00e9kszem, hogy \u00e9desany\u00e1m szerette a verseket, n\u00e9ha meglepett, hogy hossz\u00fa id\u00e9zeteket tud pontosan, k\u00edv\u00fclr\u0151l. Tal\u00e1n mindez telev\u00edzi\u00f3ban n\u00e9zett vet\u00e9lked\u0151k kapcs\u00e1n der\u00fclt ki, amikor pontosan tudta, kinek a vers\u00e9b\u0151l val\u00f3 az id\u00e9zet, \u00e9s hosszan folytatni is tudta.<\/p>\r\n<p style=\"text-align: justify\">Visszat\u00e9rve a k\u00f6nyvre: a c\u00edm\u00e9re \u00e9s \u00edr\u00f3j\u00e1ra m\u00e1r nem eml\u00e9kszem, a k\u00fcl\u00f6nlegess\u00e9ge nem is a tartalma volt, hanem az \u00f6tlet, ahogy \u00edr\u00f3dott. Belekezdtem az olvas\u00e1sba, m\u00e1r kezdtem megismerni a szerepl\u0151ket, beleb\u00fajtam a b\u0151r\u00fckbe, odak\u00e9pzeltem magam a helysz\u00ednre, keveredett bennem a k\u00edv\u00e1ncsis\u00e1g az izgalommal. M\u00e1r m\u00e1s dolgom lett volna, de nem akartam letenni a k\u00f6nyvet, mert tudni akartam, mi t\u00f6rt\u00e9nik. Tal\u00e1n az 50. oldalon tartottam, amikor v\u00e1laszt\u00e1si lehet\u0151s\u00e9ggekkel \u00e9s azokhoz tartoz\u00f3 utas\u00edt\u00e1sokkal tal\u00e1ltam szembe magam: \"lapozz az x. oldalra. Meglep\u0151dtem, v\u00e1lasztottam, \u00e9s lapoztam. Folytattam az olvas\u00e1st, \u00e9s mire a k\u00f6nyv v\u00e9g\u00e9re \u00e9rtem, t\u00fal voltam sok-sok v\u00e1laszt\u00e1son \u00e9s utas\u00edt\u00e1son, olyan volt, mintha \u00e9n \u00edrtam volna a folytat\u00e1st. Miut\u00e1n v\u00e9gigolvastam a k\u00f6nyvet, \u00fajra kinyitottam az 50. oldalon, \u00e9s m\u00e1shogy v\u00e1lasztottam, \u00e9s ez\u00e9rt m\u00e1shov\u00e1 lapoztam. \u00dajra a v\u00e9g\u00e9re \u00e9rtem, \u00e9s \u00fajra kezdtem az 50. oldalt\u00f3l. Nagyon sok lehet\u0151s\u00e9g volt, \u00e9s ez nagyon tetszett!\u00a0 Ma is \u00fagy eml\u00e9kszem r\u00e1, ez volt egyik leg\u00e9rdekesebb olvasm\u00e1nyom.\u00a0 <a href=\"https:\/\/christals.cafeblog.hu\/files\/2015\/12\/K\u00e9pzelet.jpg\"><img class=\"alignnone size-medium wp-image-96\" src=\"https:\/\/christals.cafeblog.hu\/files\/2015\/12\/K\u00e9pzelet-177x300.jpg\" alt=\"K\u00e9pzelet\" width=\"177\" height=\"300\" \/><\/a><\/p>\r\n<p style=\"text-align: justify\">Persze egy id\u0151 ut\u00e1n azt\u00e1n feled\u00e9sbe mer\u00fclt, hiszen mag\u00e1nak a t\u00f6rt\u00e9netnek nem volt t\u00fal m\u00e9ly \u00fczenete, ami\u00e9rt mostan\u00e1ban m\u00e9gis eszembe jut, az nem m\u00e1s\u00e9rt van, mint hogy gyakran elgondolkodom, mi\u00e9rt alakult \u00edgy az \u00e9let\u00fcnk? Mi lett volna, ha m\u00e1s emberekkel tal\u00e1lkozom, ha ebben vagy abban m\u00e1sk\u00e9nt d\u00f6nt\u00f6k, ha nem jobbra kanyarodtam volna, hanem balra, ha nem ezt a munk\u00e1t v\u00e1lasztottam volna, hanem a m\u00e1sik lehet\u0151s\u00e9get, ha nem x-et fogadom a bizalmamba, hanem y-t,ha nem ezt a h\u00e1zat v\u00e1lasztom, hanem a m\u00e1sikat,ha nem \u0151t nevezik ki f\u0151n\u00f6k\u00f6mnek, ha nem ehhez az orvoshoz megyek, ha nem ezt az \u00fcgyv\u00e9det v\u00e1lasztom, ha azon a p\u00e9ntek reggelen nem dolgozni megyek, hanem szabads\u00e1got veszek ki, ..., (hosszan sorolhatn\u00e1n)?<\/p>\r\n<p style=\"text-align: justify\">Ezt m\u00e1r soha nem tudhatom meg,\u00a0 hosszan t\u00e9pel\u0151dni pedig nem is \u00e9rdemes. Az \u00e9let tele van v\u00e1laszt\u00e1sokkal. Kisebbekkel, nagyobbakkal, n\u00e9ha \u00e9szre sem vessz\u00fck, hogy v\u00e1lasztottunk, csak \u00fagy t\u00f6rt\u00e9nnek a dolgok. A levonhat\u00f3 tanuls\u00e1g az, hogy sok igazs\u00e1g van abban, hogy mindenki\u00a0 \u00e9let\u00e9nek saj\u00e1t kov\u00e1csa, de sajnos nagyon sok m\u00falik a szerencs\u00e9n, a v\u00e9letlenen, m\u00e1sokon. Azt\u00e1n lehetne itt vitatkozni, hogy semmi sem v\u00e9letlen, minden el\u0151re elrendeltetett, hogy minden t\u00f6rt\u00e9n\u00e9snek \u00fczenete van. Nekem most mindenesetre rettenetesen f\u00e1j, hogy mindamellett, hogy val\u00f3sz\u00edn\u0171leg van egy csom\u00f3 hib\u00e1nk, de alapvet\u0151en \u0151szinte, becs\u00fcletes, szorgalmas, \u00e9letvid\u00e1m, j\u00f3 \u00e9rz\u00e9s\u0171 \u00e9s j\u00f3 sz\u00e1nd\u00e9k\u00fa, seg\u00edt\u0151k\u00e9sz, \u00e9rt\u00e9kes, \u00e9rtelmes, intelligens emberek vagyunk, romokban az \u00e9let\u00fcnk, hozz\u00e1nk m\u00e9ltatlan k\u00f6r\u00fclm\u00e9nyek k\u00f6z\u00f6tt \u00e9l\u00fcnk, \u00e9s az \u00e9let adta lehet\u0151s\u00e9gek hi\u00e1ny\u00e1ban m\u00e1sok cselekedeteinek k\u00f6vetkezm\u00e9nyei, akarata ily m\u00e9rt\u00e9kben befoly\u00e1solhatja a mi \u00e9let\u00fcnket, pontosabban ellehetetlen\u00edti azt.<\/p>\r\n<p style=\"text-align: justify\">A legnagyobb baj az, hogy ezt a bejegyz\u00e9st 2015. kar\u00e1csony\u00e1nak els\u0151 \u00fcnnep\u00e9n otthontalanul \u00edrom, \"megt\u0171rten\" egy f\u0171tetlen \u00e9s sok \u00e9v f\u0151z\u00e9s\u00e9nek szag\u00e1t megjegyzett konyh\u00e1ban. Hossz\u00fa ideje keress\u00fck \u00faj otthonunkat, naponta azzal kel\u00fcnk \u00e9s feksz\u00fcnk, hogy imm\u00e1r orsz\u00e1gos keres\u00e9ssel b\u00fajjuk a netet, szinta megsz\u00e1molhatatlan a megkeresett \u00e9s megpr\u00f3b\u00e1lt lehet\u0151s\u00e9gek sora. Persze vannak anyagi korl\u00e1tok is, m\u00e9gis elkeser\u00edt\u0151, hogy imm\u00e1r nyugd\u00edjasan, miut\u00e1n egy \u00e9letet szeretettel \u00e9s becs\u00fcletesen \u00e1tdolgoztam,\u00a0 sem lehet egy sz\u00e9p k\u00f6rnyezetben l\u00e9v\u0151, j\u00f3 min\u0151s\u00e9g\u0171, nem luxus (\u00e1mb\u00e1r azt is meg\u00e9rdemeln\u00e9m)!, de sz\u00e9p, eg\u00e9szs\u00e9ges, meleg otthonom.\u00a0 \u00dagy t\u0171nt, kar\u00e1csonyra v\u00e9gre v\u00e9ge ennek az \u00e1ldatlan \u00e1llapotnak, mi\u00e9nk lehet egy 7-8 \u00e9ves sz\u00e9p kis t\u00e1rsash\u00e1z f\u00f6ldszinti mini lak\u00e1sa. Lenyelt\u00fck a b\u00e9k\u00e1t, hogy a tulajdonosa kihaszn\u00e1lja, nincs hasonl\u00f3 a piacon, nek\u00fcnk pedig nagyon gyorsan sz\u00fcks\u00e9g\u00fcnk van r\u00e1, \u00edgy re\u00e1lis \u00e9rt\u00e9k\u00e9n\u00e9l 1-2 milli\u00f3val dr\u00e1g\u00e1bban jutunk hozz\u00e1. De azt\u00e1n j\u00f6tt at \u00e9lett\u0151l egy \u00fajabb pofon, a l\u00e9pcs\u0151h\u00e1z sz\u00e9p, tiszta, hangulatos, csak \u00e9ppen olyan er\u0151sen illatos, hogy nagyl\u00e1nyom miel\u0151tt a lak\u00e1s ajt\u00f3ig eljutna, m\u00e1r rosszul lesz.<strong>*<\/strong><\/p>\r\n<p style=\"text-align: justify\">A lak\u00f3k biztosan j\u00f3t akarnak, hogy ne \u00e9telszag vagy mindennel keveredett vegyes, \u00e1porodott leveg\u0151 fogadja a bel\u00e9p\u0151t, \u00e9s \u00fagy t\u0171nik, k\u00f6z\u00fcl\u00fck m\u00e9g senki nem \u00e9rz\u00e9keny a vegyszerekre, illatanyagokra, parf\u00fcm\u00f6kre. Nek\u00fcnk viszont ez\u00e9rt nincs m\u00e9g mindig otthonunk, nincs kar\u00e1csonyunk, nincs feny\u0151f\u00e1nk, nincs \u00e9let\u00fcnk!<\/p>\r\n<p style=\"text-align: justify\">Hogyan t\u00f6rt\u00e9nhetett ez meg vel\u00fcnk? Minden az \u00e9n \"b\u00e9nas\u00e1gom\" k\u00f6vetkezm\u00e9nye? Tal\u00e1n annak, hogy \u00e9n\u00a0 a r\u00e9gi \u00e9rt\u00e9krendeknek megfelel\u0151en \u00e9ltem az \u00e9letem, \u00e9s nem vettem \u00e9szre, hogy \u0151szintes\u00e9g, \u00f6nzetlens\u00e9g, becs\u00fclet, mind \u00f3divat\u00fav\u00e1 v\u00e1lt? Happy endet akarok!<\/p>\r\n<p style=\"text-align: justify\">\u00a0<\/p>\r\n<p style=\"text-align: justify\"><strong>* A mai vil\u00e1gban szinte n\u00e9lk\u00fcl\u00f6zhetetlennek t\u0171nhetnek a sokf\u00e9le illattal d\u00fas\u00edtott kozmetikumok, illetve a lak\u00e1sainkban, h\u00e1ztart\u00e1sainkban haszn\u00e1lt illatos\u00edt\u00f3-, l\u00e9gfriss\u00edt\u0151-, mos\u00f3- \u00f6bl\u00edt\u0151- \u00e9s\u00a0 tiszt\u00edt\u00f3szerek, mik\u00f6zben a 20. sz\u00e1zad pestis\u00e9nek is nevezett jelens\u00e9g, az allergi\u00e1s megbeteged\u00e9sek terjed\u00e9s\u00e9nek egy r\u00e9sze is ennek a folyamatnak k\u00f6sz\u00f6nhet\u0151.<\/strong><\/p>\r\n<p style=\"text-align: justify\"><strong><span style=\"color: #008000\">T\u00f6bbsz\u00f6r\u00f6s k\u00e9miai t\u00fal\u00e9rz\u00e9kenys\u00e9g (TKT, vagy angolul MCS \u2013 Multiple Chemical Sensitivy) <\/span><\/strong><span style=\"color: #008000\">eset\u00e9n a betegek egyidej\u0171leg fenn\u00e1ll\u00f3, szerte\u00e1gaz\u00f3 panaszokkal jelentkeznek, ami allergiaszer\u0171 vagy pszich\u00e9s betegs\u00e9g gyan\u00faj\u00e1t kelti. Csakhogy egyr\u00e9szt a t\u00fcnetek, melyek nagyon sokf\u00e9l\u00e9k lehetnek, \u00e9s egy\u00e9nenk\u00e9nt elt\u00e9r\u0151ek, nem egyeznek pontosan a felmer\u00fclt k\u00f3rk\u00e9pekkel, m\u00e1sr\u00e9szt az ilyen betegs\u00e9gek gy\u00f3gy\u00edt\u00e1s\u00e1ra haszn\u00e1lt gy\u00f3gyszerek t\u00f6bbnyire hat\u00e1stalanok.<\/span><\/p>\r\n<h3 class=\"alcim\"><span style=\"color: #008000\"><a style=\"color: #008000\" name=\"K\u00f6rnyezeti hat\u00e1sra\"><\/a>K\u00f6rnyezeti hat\u00e1sra<\/span><\/h3>\r\n<p style=\"text-align: justify\"><span style=\"color: #008000\">A TKT\/MCS nem pszich\u00e9s b\u00e1ntalom, hanem olyan betegs\u00e9g, amit a k\u00e9miai k\u00e1ros\u00edt\u00f3 anyagokkal megterhelt k\u00f6rnyezet v\u00e1lt ki az arra \u00e9rz\u00e9kenyekb\u0151l. Nem val\u00f3di allergia, mert a vegyszerekkel val\u00f3 \u00f6sszef\u00e9rhetetlens\u00e9g nem is tekinthet\u0151 allergi\u00e1nak. Ezek a k\u00f6rnyezeti \u00e1rtalmak hossz\u00fa ideig csendben hatnak, am\u00edg a szervezet m\u00e9g k\u00e9pes fenntartani egyens\u00faly\u00e1t.<\/span><\/p>\r\n<p style=\"text-align: justify\">forr\u00e1s:<\/p>\r\n<h2 id=\":l1\" class=\"hP\"><strong>M\u00e9rgekkel \u00e9lni: a t\u00f6bbsz\u00f6r\u00f6s k\u00e9miai t\u00fal\u00e9rz\u00e9kenys\u00e9g | Vital.hu<\/strong><\/h2>\r\n<div id=\":l5\" class=\"pG\"><strong>\u00a0http:\/\/www.vital.hu\/themes\/sick\/nknow4.htm<\/strong><\/div>\r\n<div class=\"pG\">\u00a0<\/div>\r\n<div class=\"pG\" style=\"text-align: justify\">\u00a0<\/div>\r\n<p style=\"text-align: justify\">\u00a0<\/p>","type":"rich","thumbnail_url":"https:\/\/christals.cafeblog.hu\/files\/2015\/12\/K\u00e9pzelet-150x150.jpg","thumbnail_width":150,"thumbnail_height":150}